{"id":84,"date":"2022-04-17T07:08:41","date_gmt":"2022-04-17T07:08:41","guid":{"rendered":"https:\/\/mecagro.md\/?page_id=84"},"modified":"2022-09-11T09:38:55","modified_gmt":"2022-09-11T09:38:55","slug":"noutati","status":"publish","type":"page","link":"https:\/\/mecagro.md\/ru\/noutati\/","title":{"rendered":"\u041d\u041e\u0412\u041e\u0421\u0422\u0418"},"content":{"rendered":"<style>.wp-show-posts-columns#wpsp-318 {margin-left: -2em; }.wp-show-posts-columns#wpsp-318 .wp-show-posts-inner {margin: 0 0 2em 2em; }<\/style><section id=\"wpsp-318\" class=\" wp-show-posts\" style=\"\"><article class=\" wp-show-posts-single wpsp-clearfix post-2444 post type-post status-publish format-standard has-post-thumbnail hentry category-achizitii-publice category-noutati\" itemtype=\"http:\/\/schema.org\/CreativeWork\" itemscope><div class=\"wp-show-posts-inner\" style=\"\">\t\t\t\t\t\t<header class=\"wp-show-posts-entry-header\">\n\t\t\t\t\t\t\t<h2 class=\"wp-show-posts-entry-title\" itemprop=\"headline\"><a href=\"https:\/\/mecagro.md\/ru\/lista-spatiilor-libere-pentru-locatiune\/\" rel=\"bookmark\">Lista spa\u021biilor libere pentru loca\u021biune<\/a><\/h2>\t\t\t\t\t\t<\/header><!-- .entry-header -->\n\t\t\t\t\t\t\t<div class=\"wp-show-posts-image  wpsp-image-left \">\n\t\t\t<a href=\"https:\/\/mecagro.md\/ru\/lista-spatiilor-libere-pentru-locatiune\/\"  title=\"Lista spa\u021biilor libere pentru loca\u021biune\">\t\t\t\t\t<img decoding=\"async\" src=\"https:\/\/mecagro.md\/ru\/wp-content\/uploads\/2022\/04\/PDF-300x300.png\" alt=\"Lista spa\u021biilor libere pentru loca\u021biune\" itemprop=\"image\" class=\"left\" \/>\n\t\t\t\t<\/a>\t\t<\/div>\n\t\t\t\t\t\t\t\t<div class=\"wp-show-posts-entry-summary\" itemprop=\"text\">\n\t\t\t\t\t\t\t\t\t\t\t\t\t<\/div><!-- .entry-summary -->\n\t\t\t\t\t<div class=\"wpsp-read-more\"><a title=\"Lista spa\u021biilor libere pentru loca\u021biune\" class=\"wp-show-posts-read-more\" href=\"https:\/\/mecagro.md\/ru\/lista-spatiilor-libere-pentru-locatiune\/\">Cite\u0219te mai departe<\/a><\/div><\/div><!-- wp-show-posts-inner --><div class=\"wpsp-clear\"><\/div><\/article><article class=\" wp-show-posts-single wpsp-clearfix post-2440 post type-post status-publish format-standard has-post-thumbnail hentry category-noutati\" itemtype=\"http:\/\/schema.org\/CreativeWork\" itemscope><div class=\"wp-show-posts-inner\" style=\"\">\t\t\t\t\t\t<header class=\"wp-show-posts-entry-header\">\n\t\t\t\t\t\t\t<h2 class=\"wp-show-posts-entry-title\" itemprop=\"headline\"><a href=\"https:\/\/mecagro.md\/ru\/raport-stiintific-anual\/\" rel=\"bookmark\">Raport \u0218tiin\u021bific Anual<\/a><\/h2>\t\t\t\t\t\t<\/header><!-- .entry-header -->\n\t\t\t\t\t\t\t<div class=\"wp-show-posts-image  wpsp-image-left \">\n\t\t\t<a href=\"https:\/\/mecagro.md\/ru\/raport-stiintific-anual\/\"  title=\"Raport \u0218tiin\u021bific Anual\">\t\t\t\t\t<img decoding=\"async\" src=\"https:\/\/mecagro.md\/ru\/wp-content\/uploads\/2022\/04\/PDF-300x300.png\" alt=\"Raport \u0218tiin\u021bific Anual\" itemprop=\"image\" class=\"left\" \/>\n\t\t\t\t<\/a>\t\t<\/div>\n\t\t\t\t\t\t\t\t<div class=\"wp-show-posts-entry-summary\" itemprop=\"text\">\n\t\t\t\t\t\t\t<p>Privind implementarea proiectului din cadrul Programului de Stat (2020-2023) \u201eMijloace tehnice competitive pentru tehnologii agricole durabile\u201d Cifrul proiectului: 2320.80009.5007.23<\/p>\n\t\t\t\t\t\t<\/div><!-- .entry-summary -->\n\t\t\t\t\t<div class=\"wpsp-read-more\"><a title=\"Raport \u0218tiin\u021bific Anual\" class=\"wp-show-posts-read-more\" href=\"https:\/\/mecagro.md\/ru\/raport-stiintific-anual\/\">Cite\u0219te mai departe<\/a><\/div><\/div><!-- wp-show-posts-inner --><div class=\"wpsp-clear\"><\/div><\/article><article class=\" wp-show-posts-single wpsp-clearfix post-2431 post type-post status-publish format-standard has-post-thumbnail hentry category-noutati\" itemtype=\"http:\/\/schema.org\/CreativeWork\" itemscope><div class=\"wp-show-posts-inner\" style=\"\">\t\t\t\t\t\t<header class=\"wp-show-posts-entry-header\">\n\t\t\t\t\t\t\t<h2 class=\"wp-show-posts-entry-title\" itemprop=\"headline\"><a href=\"https:\/\/mecagro.md\/ru\/devizul-de-venituri-si-cheltuieli-prognozat-a-2021\/\" rel=\"bookmark\">Devizul de venituri \u0219i cheltuieli prognozat a.2021<\/a><\/h2>\t\t\t\t\t\t<\/header><!-- .entry-header -->\n\t\t\t\t\t\t\t<div class=\"wp-show-posts-image  wpsp-image-left \">\n\t\t\t<a href=\"https:\/\/mecagro.md\/ru\/devizul-de-venituri-si-cheltuieli-prognozat-a-2021\/\"  title=\"Devizul de venituri \u0219i cheltuieli prognozat a.2021\">\t\t\t\t\t<img decoding=\"async\" src=\"https:\/\/mecagro.md\/ru\/wp-content\/uploads\/2022\/04\/PDF-300x300.png\" alt=\"Devizul de venituri \u0219i cheltuieli prognozat a.2021\" itemprop=\"image\" class=\"left\" \/>\n\t\t\t\t<\/a>\t\t<\/div>\n\t\t\t\t\t\t\t\t<div class=\"wp-show-posts-entry-summary\" itemprop=\"text\">\n\t\t\t\t\t\t\t\t\t\t\t\t\t<\/div><!-- .entry-summary -->\n\t\t\t\t\t<div class=\"wpsp-read-more\"><a title=\"Devizul de venituri \u0219i cheltuieli prognozat a.2021\" class=\"wp-show-posts-read-more\" href=\"https:\/\/mecagro.md\/ru\/devizul-de-venituri-si-cheltuieli-prognozat-a-2021\/\">Cite\u0219te mai departe<\/a><\/div><\/div><!-- wp-show-posts-inner --><div class=\"wpsp-clear\"><\/div><\/article><article class=\" wp-show-posts-single wpsp-clearfix post-2428 post type-post status-publish format-standard has-post-thumbnail hentry category-noutati\" itemtype=\"http:\/\/schema.org\/CreativeWork\" itemscope><div class=\"wp-show-posts-inner\" style=\"\">\t\t\t\t\t\t<header class=\"wp-show-posts-entry-header\">\n\t\t\t\t\t\t\t<h2 class=\"wp-show-posts-entry-title\" itemprop=\"headline\"><a href=\"https:\/\/mecagro.md\/ru\/raport-anual-2020-program-de-stat\/\" rel=\"bookmark\">Raport anual (2020) Program de Stat<\/a><\/h2>\t\t\t\t\t\t<\/header><!-- .entry-header -->\n\t\t\t\t\t\t\t<div class=\"wp-show-posts-image  wpsp-image-left \">\n\t\t\t<a href=\"https:\/\/mecagro.md\/ru\/raport-anual-2020-program-de-stat\/\"  title=\"Raport anual (2020) Program de Stat\">\t\t\t\t\t<img decoding=\"async\" src=\"https:\/\/mecagro.md\/ru\/wp-content\/uploads\/2022\/04\/PDF-300x300.png\" alt=\"Raport anual (2020) Program de Stat\" itemprop=\"image\" class=\"left\" \/>\n\t\t\t\t<\/a>\t\t<\/div>\n\t\t\t\t\t\t\t\t<div class=\"wp-show-posts-entry-summary\" itemprop=\"text\">\n\t\t\t\t\t\t\t\t\t\t\t\t\t<\/div><!-- .entry-summary -->\n\t\t\t\t\t<div class=\"wpsp-read-more\"><a title=\"Raport anual (2020) Program de Stat\" class=\"wp-show-posts-read-more\" href=\"https:\/\/mecagro.md\/ru\/raport-anual-2020-program-de-stat\/\">Cite\u0219te mai departe<\/a><\/div><\/div><!-- wp-show-posts-inner --><div class=\"wpsp-clear\"><\/div><\/article><article class=\" wp-show-posts-single wpsp-clearfix post-2421 post type-post status-publish format-standard has-post-thumbnail hentry category-noutati\" itemtype=\"http:\/\/schema.org\/CreativeWork\" itemscope><div class=\"wp-show-posts-inner\" style=\"\">\t\t\t\t\t\t<header class=\"wp-show-posts-entry-header\">\n\t\t\t\t\t\t\t<h2 class=\"wp-show-posts-entry-title\" itemprop=\"headline\"><a href=\"https:\/\/mecagro.md\/ru\/r-e-g-u-l-a-m-e-n-t-al-consiliului-de-administratie-al-intreprinderii-de-stat-institutul-de-tehnica-agricola-mecagro\/\" rel=\"bookmark\">R E G U L A M E N T al Consiliului de administra\u0163ie al \u00centreprinderii de stat Institutul de Tehnic\u0103 Agricol\u0103 \u201eMecagro\u201d<\/a><\/h2>\t\t\t\t\t\t<\/header><!-- .entry-header -->\n\t\t\t\t\t\t\t<div class=\"wp-show-posts-image  wpsp-image-left \">\n\t\t\t<a href=\"https:\/\/mecagro.md\/ru\/r-e-g-u-l-a-m-e-n-t-al-consiliului-de-administratie-al-intreprinderii-de-stat-institutul-de-tehnica-agricola-mecagro\/\"  title=\"R E G U L A M E N T al Consiliului de administra\u0163ie al \u00centreprinderii de stat Institutul de Tehnic\u0103 Agricol\u0103 \u201eMecagro\u201d\">\t\t\t\t\t<img decoding=\"async\" src=\"https:\/\/mecagro.md\/ru\/wp-content\/uploads\/2022\/04\/PDF-300x300.png\" alt=\"R E G U L A M E N T al Consiliului de administra\u0163ie al \u00centreprinderii de stat Institutul de Tehnic\u0103 Agricol\u0103 \u201eMecagro\u201d\" itemprop=\"image\" class=\"left\" \/>\n\t\t\t\t<\/a>\t\t<\/div>\n\t\t\t\t\t\t\t\t<div class=\"wp-show-posts-entry-summary\" itemprop=\"text\">\n\t\t\t\t\t\t\t\t\t\t\t\t\t<\/div><!-- .entry-summary -->\n\t\t\t\t\t<div class=\"wpsp-read-more\"><a title=\"R E G U L A M E N T al Consiliului de administra\u0163ie al \u00centreprinderii de stat Institutul de Tehnic\u0103 Agricol\u0103 \u201eMecagro\u201d\" class=\"wp-show-posts-read-more\" href=\"https:\/\/mecagro.md\/ru\/r-e-g-u-l-a-m-e-n-t-al-consiliului-de-administratie-al-intreprinderii-de-stat-institutul-de-tehnica-agricola-mecagro\/\">Cite\u0219te mai departe<\/a><\/div><\/div><!-- wp-show-posts-inner --><div class=\"wpsp-clear\"><\/div><\/article><article class=\" wp-show-posts-single wpsp-clearfix post-2418 post type-post status-publish format-standard has-post-thumbnail hentry category-noutati\" itemtype=\"http:\/\/schema.org\/CreativeWork\" itemscope><div class=\"wp-show-posts-inner\" style=\"\">\t\t\t\t\t\t<header class=\"wp-show-posts-entry-header\">\n\t\t\t\t\t\t\t<h2 class=\"wp-show-posts-entry-title\" itemprop=\"headline\"><a href=\"https:\/\/mecagro.md\/ru\/contract-de-finantare-2021-proiect-program-de-stat\/\" rel=\"bookmark\">Contract de finan\u021bare 2021 Proiect Program de Stat<\/a><\/h2>\t\t\t\t\t\t<\/header><!-- .entry-header -->\n\t\t\t\t\t\t\t<div class=\"wp-show-posts-image  wpsp-image-left \">\n\t\t\t<a href=\"https:\/\/mecagro.md\/ru\/contract-de-finantare-2021-proiect-program-de-stat\/\"  title=\"Contract de finan\u021bare 2021 Proiect Program de Stat\">\t\t\t\t\t<img decoding=\"async\" src=\"https:\/\/mecagro.md\/ru\/wp-content\/uploads\/2022\/04\/PDF-300x300.png\" alt=\"Contract de finan\u021bare 2021 Proiect Program de Stat\" itemprop=\"image\" class=\"left\" \/>\n\t\t\t\t<\/a>\t\t<\/div>\n\t\t\t\t\t\t\t\t<div class=\"wp-show-posts-entry-summary\" itemprop=\"text\">\n\t\t\t\t\t\t\t\t\t\t\t\t\t<\/div><!-- .entry-summary -->\n\t\t\t\t\t<div class=\"wpsp-read-more\"><a title=\"Contract de finan\u021bare 2021 Proiect Program de Stat\" class=\"wp-show-posts-read-more\" href=\"https:\/\/mecagro.md\/ru\/contract-de-finantare-2021-proiect-program-de-stat\/\">Cite\u0219te mai departe<\/a><\/div><\/div><!-- wp-show-posts-inner --><div class=\"wpsp-clear\"><\/div><\/article><article class=\" wp-show-posts-single wpsp-clearfix post-2415 post type-post status-publish format-standard has-post-thumbnail hentry category-noutati\" itemtype=\"http:\/\/schema.org\/CreativeWork\" itemscope><div class=\"wp-show-posts-inner\" style=\"\">\t\t\t\t\t\t<header class=\"wp-show-posts-entry-header\">\n\t\t\t\t\t\t\t<h2 class=\"wp-show-posts-entry-title\" itemprop=\"headline\"><a href=\"https:\/\/mecagro.md\/ru\/raport-anual-privind-implementarea-proiectului-din-%d1%81%d0%b0drul-programului-de-stat-2020-2023\/\" rel=\"bookmark\">RAPORT ANUAL privind implementarea Proiectului din \u0441\u0430drul Programului de Stat (2020 &#8211; 2023)<\/a><\/h2>\t\t\t\t\t\t<\/header><!-- .entry-header -->\n\t\t\t\t\t\t\t<div class=\"wp-show-posts-image  wpsp-image-left \">\n\t\t\t<a href=\"https:\/\/mecagro.md\/ru\/raport-anual-privind-implementarea-proiectului-din-%d1%81%d0%b0drul-programului-de-stat-2020-2023\/\"  title=\"RAPORT ANUAL privind implementarea Proiectului din \u0441\u0430drul Programului de Stat (2020 &#8211; 2023)\">\t\t\t\t\t<img decoding=\"async\" src=\"https:\/\/mecagro.md\/ru\/wp-content\/uploads\/2022\/04\/PDF-300x300.png\" alt=\"RAPORT ANUAL privind implementarea Proiectului din \u0441\u0430drul Programului de Stat (2020 &#8211; 2023)\" itemprop=\"image\" class=\"left\" \/>\n\t\t\t\t<\/a>\t\t<\/div>\n\t\t\t\t\t\t\t\t<div class=\"wp-show-posts-entry-summary\" itemprop=\"text\">\n\t\t\t\t\t\t\t\t\t\t\t\t\t<\/div><!-- .entry-summary -->\n\t\t\t\t\t<div class=\"wpsp-read-more\"><a title=\"RAPORT ANUAL privind implementarea Proiectului din \u0441\u0430drul Programului de Stat (2020 &#8211; 2023)\" class=\"wp-show-posts-read-more\" href=\"https:\/\/mecagro.md\/ru\/raport-anual-privind-implementarea-proiectului-din-%d1%81%d0%b0drul-programului-de-stat-2020-2023\/\">Cite\u0219te mai departe<\/a><\/div><\/div><!-- wp-show-posts-inner --><div class=\"wpsp-clear\"><\/div><\/article><article class=\" wp-show-posts-single wpsp-clearfix post-2412 post type-post status-publish format-standard hentry category-noutati\" itemtype=\"http:\/\/schema.org\/CreativeWork\" itemscope><div class=\"wp-show-posts-inner\" style=\"\">\t\t\t\t\t\t<header class=\"wp-show-posts-entry-header\">\n\t\t\t\t\t\t\t<h2 class=\"wp-show-posts-entry-title\" itemprop=\"headline\"><a href=\"https:\/\/mecagro.md\/ru\/regulament-intern-al-is-ita-mecagro\/\" rel=\"bookmark\">Regulament Intern al IS ITA Mecagro<\/a><\/h2>\t\t\t\t\t\t<\/header><!-- .entry-header -->\n\t\t\t\t\t\t\t\t\t\t\t<div class=\"wp-show-posts-entry-summary\" itemprop=\"text\">\n\t\t\t\t\t\t\t\t\t\t\t\t\t<\/div><!-- .entry-summary -->\n\t\t\t\t\t<div class=\"wpsp-read-more\"><a title=\"Regulament Intern al IS ITA Mecagro\" class=\"wp-show-posts-read-more\" href=\"https:\/\/mecagro.md\/ru\/regulament-intern-al-is-ita-mecagro\/\">Cite\u0219te mai departe<\/a><\/div><\/div><!-- wp-show-posts-inner --><div class=\"wpsp-clear\"><\/div><\/article><article class=\" wp-show-posts-single wpsp-clearfix post-321 post type-post status-publish format-standard has-post-thumbnail hentry category-noutati\" itemtype=\"http:\/\/schema.org\/CreativeWork\" itemscope><div class=\"wp-show-posts-inner\" style=\"\">\t\t\t\t\t\t<header class=\"wp-show-posts-entry-header\">\n\t\t\t\t\t\t\t<h2 class=\"wp-show-posts-entry-title\" itemprop=\"headline\"><a href=\"https:\/\/mecagro.md\/ru\/raport-stiintific-anual-privind-implementarea-proiectului-din-cadrul-programului-de-stat-2020-2023\/\" rel=\"bookmark\">Raport \u0218tiin\u021bific Anual privind implementarea proiectului din cadrul Programului de Stat (2020-2023)<\/a><\/h2>\t\t\t\t\t\t<\/header><!-- .entry-header -->\n\t\t\t\t\t\t\t<div class=\"wp-show-posts-image  wpsp-image-left \">\n\t\t\t<a href=\"https:\/\/mecagro.md\/ru\/raport-stiintific-anual-privind-implementarea-proiectului-din-cadrul-programului-de-stat-2020-2023\/\"  title=\"Raport \u0218tiin\u021bific Anual privind implementarea proiectului din cadrul Programului de Stat (2020-2023)\">\t\t\t\t\t<img decoding=\"async\" src=\"https:\/\/mecagro.md\/ru\/wp-content\/uploads\/2022\/04\/PDF-300x300.png\" alt=\"Raport \u0218tiin\u021bific Anual privind implementarea proiectului din cadrul Programului de Stat (2020-2023)\" itemprop=\"image\" class=\"left\" \/>\n\t\t\t\t<\/a>\t\t<\/div>\n\t\t\t\t\t\t\t\t<div class=\"wp-show-posts-entry-summary\" itemprop=\"text\">\n\t\t\t\t\t\t\t<p>Privind implementarea proiectului din cadrul Programului de Stat (2020-2023) \u201eMijloace tehnice competitive pentru tehnologii agricole durabile\u201d Cifrul proiectului: 2320.80009.5007.23<\/p>\n\t\t\t\t\t\t<\/div><!-- .entry-summary -->\n\t\t\t\t\t<div class=\"wpsp-read-more\"><a title=\"Raport \u0218tiin\u021bific Anual privind implementarea proiectului din cadrul Programului de Stat (2020-2023)\" class=\"wp-show-posts-read-more\" href=\"https:\/\/mecagro.md\/ru\/raport-stiintific-anual-privind-implementarea-proiectului-din-cadrul-programului-de-stat-2020-2023\/\">Cite\u0219te mai departe<\/a><\/div><\/div><!-- wp-show-posts-inner --><div class=\"wpsp-clear\"><\/div><\/article><article class=\" wp-show-posts-single wpsp-clearfix post-2396 post type-post status-publish format-standard hentry category-noutati\" itemtype=\"http:\/\/schema.org\/CreativeWork\" itemscope><div class=\"wp-show-posts-inner\" style=\"\">\t\t\t\t\t\t<header class=\"wp-show-posts-entry-header\">\n\t\t\t\t\t\t\t<h2 class=\"wp-show-posts-entry-title\" itemprop=\"headline\"><a href=\"https:\/\/mecagro.md\/ru\/expozitia-internationala-specializata-moldagroteh-2017-editia-de-primavara\/\" rel=\"bookmark\">Expozi\u0163ia Interna\u0163ional\u0103 Specializat\u0103 \u201eMoldagroteh-2017\u201d edi\u021bia de prim\u0103var\u0103<\/a><\/h2>\t\t\t\t\t\t<\/header><!-- .entry-header -->\n\t\t\t\t\t\t\t\t\t\t\t<div class=\"wp-show-posts-entry-summary\" itemprop=\"text\">\n\t\t\t\t\t\t\t<p>\u00a0\u00a0 \u00a0 \u00cen perioada de 15-18 martie 2017 Institutul de Tehnic\u0103 Agricol\u0103 \u201eMecagro\u201d va participa la Expozi\u0163ia Interna\u0163ional\u0103 Specializat\u0103 de ma\u015fini, echipamente \u015fi tehnologii destinate complexului agroindustrial \u201eMoldagroteh-2017\u201d. Edi\u0163ia de&#8230;<\/p>\n\t\t\t\t\t\t<\/div><!-- .entry-summary -->\n\t\t\t\t\t<div class=\"wpsp-read-more\"><a title=\"Expozi\u0163ia Interna\u0163ional\u0103 Specializat\u0103 \u201eMoldagroteh-2017\u201d edi\u021bia de prim\u0103var\u0103\" class=\"wp-show-posts-read-more\" href=\"https:\/\/mecagro.md\/ru\/expozitia-internationala-specializata-moldagroteh-2017-editia-de-primavara\/\">Cite\u0219te mai departe<\/a><\/div><\/div><!-- wp-show-posts-inner --><div class=\"wpsp-clear\"><\/div><\/article><article class=\" wp-show-posts-single wpsp-clearfix post-2394 post type-post status-publish format-standard has-post-thumbnail hentry category-noutati\" itemtype=\"http:\/\/schema.org\/CreativeWork\" itemscope><div class=\"wp-show-posts-inner\" style=\"\">\t\t\t\t\t\t<header class=\"wp-show-posts-entry-header\">\n\t\t\t\t\t\t\t<h2 class=\"wp-show-posts-entry-title\" itemprop=\"headline\"><a href=\"https:\/\/mecagro.md\/ru\/expozitia-internationala-isif-17-editia-a-ii\/\" rel=\"bookmark\">Expozi\u0163ia Interna\u0163ional\u0103 ISIF 17 edi\u0163ia a II<\/a><\/h2>\t\t\t\t\t\t<\/header><!-- .entry-header -->\n\t\t\t\t\t\t\t<div class=\"wp-show-posts-image  wpsp-image-left \">\n\t\t\t<a href=\"https:\/\/mecagro.md\/ru\/expozitia-internationala-isif-17-editia-a-ii\/\"  title=\"Expozi\u0163ia Interna\u0163ional\u0103 ISIF 17 edi\u0163ia a II\">\t\t\t\t\t<img decoding=\"async\" src=\"https:\/\/mecagro.md\/ru\/wp-content\/uploads\/2022\/04\/medalie_aur_turcia-300x300.gif\" alt=\"Expozi\u0163ia Interna\u0163ional\u0103 ISIF 17 edi\u0163ia a II\" itemprop=\"image\" class=\"left\" \/>\n\t\t\t\t<\/a>\t\t<\/div>\n\t\t\t\t\t\t\t\t<div class=\"wp-show-posts-entry-summary\" itemprop=\"text\">\n\t\t\t\t\t\t\t<p>\u00a0La expozi\u0163ia Interna\u0163ional\u0103 ISIF 17 edi\u0163ia a II (2-4 martie 2017), Istambul, Turcia ITA \u201eMecagro&#8221; a ob\u0163inut Medalia de Aur pentru ciclul de inven\u0163ii\u00a0&#8220;Echipament pentru condi\u0163ionarea biomasei &#8220;<\/p>\n\t\t\t\t\t\t<\/div><!-- .entry-summary -->\n\t\t\t\t\t<div class=\"wpsp-read-more\"><a title=\"Expozi\u0163ia Interna\u0163ional\u0103 ISIF 17 edi\u0163ia a II\" class=\"wp-show-posts-read-more\" href=\"https:\/\/mecagro.md\/ru\/expozitia-internationala-isif-17-editia-a-ii\/\">Cite\u0219te mai departe<\/a><\/div><\/div><!-- wp-show-posts-inner --><div class=\"wpsp-clear\"><\/div><\/article><article class=\" wp-show-posts-single wpsp-clearfix post-2388 post type-post status-publish format-standard has-post-thumbnail hentry category-noutati\" itemtype=\"http:\/\/schema.org\/CreativeWork\" itemscope><div class=\"wp-show-posts-inner\" style=\"\">\t\t\t\t\t\t<header class=\"wp-show-posts-entry-header\">\n\t\t\t\t\t\t\t<h2 class=\"wp-show-posts-entry-title\" itemprop=\"headline\"><a href=\"https:\/\/mecagro.md\/ru\/expozitia-internationala-specializata-de-masini-echipamente-si-tehnologii-destinate-complexului-agroindustrial-moldagroteh-2016\/\" rel=\"bookmark\">Expozi\u0163ia Interna\u0163ional\u0103 Specializat\u0103 de ma\u015fini, echipamente \u015fi tehnologii destinate complexului agroindustrial \u201eMoldagroteh -2016&#8243;<\/a><\/h2>\t\t\t\t\t\t<\/header><!-- .entry-header -->\n\t\t\t\t\t\t\t<div class=\"wp-show-posts-image  wpsp-image-left \">\n\t\t\t<a href=\"https:\/\/mecagro.md\/ru\/expozitia-internationala-specializata-de-masini-echipamente-si-tehnologii-destinate-complexului-agroindustrial-moldagroteh-2016\/\"  title=\"Expozi\u0163ia Interna\u0163ional\u0103 Specializat\u0103 de ma\u015fini, echipamente \u015fi tehnologii destinate complexului agroindustrial \u201eMoldagroteh -2016&#8243;\">\t\t\t\t\t<img decoding=\"async\" src=\"https:\/\/mecagro.md\/ru\/wp-content\/uploads\/2022\/04\/moldagroteh_31_2016-2-300x300.jpg\" alt=\"Expozi\u0163ia Interna\u0163ional\u0103 Specializat\u0103 de ma\u015fini, echipamente \u015fi tehnologii destinate complexului agroindustrial \u201eMoldagroteh -2016&#8243;\" itemprop=\"image\" class=\"left\" \/>\n\t\t\t\t<\/a>\t\t<\/div>\n\t\t\t\t\t\t\t\t<div class=\"wp-show-posts-entry-summary\" itemprop=\"text\">\n\t\t\t\t\t\t\t<p>\u00cen perioada 18-22 octombrie 2016 Institutul de Tehnic\u0103 Agricol\u0103 \u201eMecagro&#8221; a participat la Expozi\u0163ia Interna\u0163ional\u0103 Specializat\u0103 de ma\u015fini, echipamente \u015fi tehnologii destinate complexului agroindustrial \u201eMoldagroteh -2016&#8243;, edi\u0163ia de toamn\u0103.&nbsp; &nbsp;&#8230;<\/p>\n\t\t\t\t\t\t<\/div><!-- .entry-summary -->\n\t\t\t\t\t<div class=\"wpsp-read-more\"><a title=\"Expozi\u0163ia Interna\u0163ional\u0103 Specializat\u0103 de ma\u015fini, echipamente \u015fi tehnologii destinate complexului agroindustrial \u201eMoldagroteh -2016&#8243;\" class=\"wp-show-posts-read-more\" href=\"https:\/\/mecagro.md\/ru\/expozitia-internationala-specializata-de-masini-echipamente-si-tehnologii-destinate-complexului-agroindustrial-moldagroteh-2016\/\">Cite\u0219te mai departe<\/a><\/div><\/div><!-- wp-show-posts-inner --><div class=\"wpsp-clear\"><\/div><\/article><article class=\" wp-show-posts-single wpsp-clearfix post-2386 post type-post status-publish format-standard hentry category-noutati\" itemtype=\"http:\/\/schema.org\/CreativeWork\" itemscope><div class=\"wp-show-posts-inner\" style=\"\">\t\t\t\t\t\t<header class=\"wp-show-posts-entry-header\">\n\t\t\t\t\t\t\t<h2 class=\"wp-show-posts-entry-title\" itemprop=\"headline\"><a href=\"https:\/\/mecagro.md\/ru\/expozitia-internationala-specializata-moldagroteh-2016\/\" rel=\"bookmark\">Expozi\u0163ia Interna\u0163ional\u0103 Specializat\u0103 \u201eMoldagroteh-2016\u201d<\/a><\/h2>\t\t\t\t\t\t<\/header><!-- .entry-header -->\n\t\t\t\t\t\t\t\t\t\t\t<div class=\"wp-show-posts-entry-summary\" itemprop=\"text\">\n\t\t\t\t\t\t\t<p>&nbsp; &nbsp; &nbsp; &nbsp; \u00cen perioada de 19-22 octombrie 2016 Institutul de Tehnic\u0103 Agricol\u0103 \u201eMecagro\u201d va participa la Expozi\u0163ia Interna\u0163ional\u0103 Specializat\u0103 de ma\u015fini, echipamente \u015fi tehnologii destinate complexului agroindustrial \u201eMoldagroteh-2016\u201d&#8230;.<\/p>\n\t\t\t\t\t\t<\/div><!-- .entry-summary -->\n\t\t\t\t\t<div class=\"wpsp-read-more\"><a title=\"Expozi\u0163ia Interna\u0163ional\u0103 Specializat\u0103 \u201eMoldagroteh-2016\u201d\" class=\"wp-show-posts-read-more\" href=\"https:\/\/mecagro.md\/ru\/expozitia-internationala-specializata-moldagroteh-2016\/\">Cite\u0219te mai departe<\/a><\/div><\/div><!-- wp-show-posts-inner --><div class=\"wpsp-clear\"><\/div><\/article><article class=\" wp-show-posts-single wpsp-clearfix post-2384 post type-post status-publish format-standard hentry category-noutati\" itemtype=\"http:\/\/schema.org\/CreativeWork\" itemscope><div class=\"wp-show-posts-inner\" style=\"\">\t\t\t\t\t\t<header class=\"wp-show-posts-entry-header\">\n\t\t\t\t\t\t\t<h2 class=\"wp-show-posts-entry-title\" itemprop=\"headline\"><a href=\"https:\/\/mecagro.md\/ru\/vizita-ministrului-d-lui-eduard-grama-si-presedintelui-comisiei-parlamentului-pentru-agricultura-radu-mudreac-la-institutul-de-tehnica-agricola-mecagro\/\" rel=\"bookmark\">Vizita Ministrului d-lui Eduard Grama \u015fi Pre\u015fedintelui Comisiei Parlamentului pentru Agricultur\u0103 Radu Mudreac la Institutul de Tehnic\u0103 Agricol\u0103 ,,Mecagro\u2019\u2019<\/a><\/h2>\t\t\t\t\t\t<\/header><!-- .entry-header -->\n\t\t\t\t\t\t\t\t\t\t\t<div class=\"wp-show-posts-entry-summary\" itemprop=\"text\">\n\t\t\t\t\t\t\t<p>Pe data de 27 iunie 2016 a avut loc o vizit\u0103 a Ministrului d-lui E. Grama, Pre\u015fedintelui Comisiei Parlamentului d-lui R. Mudreac \u015fi a \u015eefului Direc\u0163iei \u015etiin\u0163\u0103, Educa\u0163ie \u015fi Extensiune&#8230;<\/p>\n\t\t\t\t\t\t<\/div><!-- .entry-summary -->\n\t\t\t\t\t<div class=\"wpsp-read-more\"><a title=\"Vizita Ministrului d-lui Eduard Grama \u015fi Pre\u015fedintelui Comisiei Parlamentului pentru Agricultur\u0103 Radu Mudreac la Institutul de Tehnic\u0103 Agricol\u0103 ,,Mecagro\u2019\u2019\" class=\"wp-show-posts-read-more\" href=\"https:\/\/mecagro.md\/ru\/vizita-ministrului-d-lui-eduard-grama-si-presedintelui-comisiei-parlamentului-pentru-agricultura-radu-mudreac-la-institutul-de-tehnica-agricola-mecagro\/\">Cite\u0219te mai departe<\/a><\/div><\/div><!-- wp-show-posts-inner --><div class=\"wpsp-clear\"><\/div><\/article><article class=\" wp-show-posts-single wpsp-clearfix post-2378 post type-post status-publish format-standard has-post-thumbnail hentry category-noutati\" itemtype=\"http:\/\/schema.org\/CreativeWork\" itemscope><div class=\"wp-show-posts-inner\" style=\"\">\t\t\t\t\t\t<header class=\"wp-show-posts-entry-header\">\n\t\t\t\t\t\t\t<h2 class=\"wp-show-posts-entry-title\" itemprop=\"headline\"><a href=\"https:\/\/mecagro.md\/ru\/expozitia-internationala-specializata-de-masini-echipamente-si-tehnologii-destinate-complexului-agroindustrial-moldagroteh-2016-editia-de-primavara\/\" rel=\"bookmark\">Expozi\u0163ia Interna\u0163ional\u0103 Specializat\u0103 de ma\u015fini, echipamente si tehnologii destinate complexului agroindustrial \u201cMoldagroteh\u201d, 2016, edi\u021bia de prim\u0103var\u0103<\/a><\/h2>\t\t\t\t\t\t<\/header><!-- .entry-header -->\n\t\t\t\t\t\t\t<div class=\"wp-show-posts-image  wpsp-image-left \">\n\t\t\t<a href=\"https:\/\/mecagro.md\/ru\/expozitia-internationala-specializata-de-masini-echipamente-si-tehnologii-destinate-complexului-agroindustrial-moldagroteh-2016-editia-de-primavara\/\"  title=\"Expozi\u0163ia Interna\u0163ional\u0103 Specializat\u0103 de ma\u015fini, echipamente si tehnologii destinate complexului agroindustrial \u201cMoldagroteh\u201d, 2016, edi\u021bia de prim\u0103var\u0103\">\t\t\t\t\t<img decoding=\"async\" src=\"https:\/\/mecagro.md\/ru\/wp-content\/uploads\/2022\/04\/str-24-3000s-1-300x300.jpg\" alt=\"Expozi\u0163ia Interna\u0163ional\u0103 Specializat\u0103 de ma\u015fini, echipamente si tehnologii destinate complexului agroindustrial \u201cMoldagroteh\u201d, 2016, edi\u021bia de prim\u0103var\u0103\" itemprop=\"image\" class=\"left\" \/>\n\t\t\t\t<\/a>\t\t<\/div>\n\t\t\t\t\t\t\t\t<div class=\"wp-show-posts-entry-summary\" itemprop=\"text\">\n\t\t\t\t\t\t\t<p>&nbsp;\u00cen&nbsp; perioada&nbsp;&nbsp; 2-5&nbsp; martie&nbsp;&nbsp; 2016&nbsp;&nbsp; Institutul&nbsp; de&nbsp; Tehnic\u0103&nbsp; Agricol\u0103 &nbsp;\u201cMecagro\u201d&nbsp; a participat&nbsp; la Expozi\u0163ia&nbsp; Interna\u0163ional\u0103&nbsp; Specializat\u0103&nbsp; de&nbsp; ma\u015fini, echipamente&nbsp; si&nbsp; tehnologii&nbsp; destinate&nbsp; complexului&nbsp; agroindustrial&nbsp; \u201cMoldagroteh\u201d, edi\u0163ia&nbsp; de prim\u0103var\u0103. &nbsp;&nbsp;&nbsp;&nbsp;&nbsp;&nbsp;&nbsp; La&nbsp;&#8230;<\/p>\n\t\t\t\t\t\t<\/div><!-- .entry-summary -->\n\t\t\t\t\t<div class=\"wpsp-read-more\"><a title=\"Expozi\u0163ia Interna\u0163ional\u0103 Specializat\u0103 de ma\u015fini, echipamente si tehnologii destinate complexului agroindustrial \u201cMoldagroteh\u201d, 2016, edi\u021bia de prim\u0103var\u0103\" class=\"wp-show-posts-read-more\" href=\"https:\/\/mecagro.md\/ru\/expozitia-internationala-specializata-de-masini-echipamente-si-tehnologii-destinate-complexului-agroindustrial-moldagroteh-2016-editia-de-primavara\/\">Cite\u0219te mai departe<\/a><\/div><\/div><!-- wp-show-posts-inner --><div class=\"wpsp-clear\"><\/div><\/article><article class=\" wp-show-posts-single wpsp-clearfix post-2371 post type-post status-publish format-standard hentry category-noutati\" itemtype=\"http:\/\/schema.org\/CreativeWork\" itemscope><div class=\"wp-show-posts-inner\" style=\"\">\t\t\t\t\t\t<header class=\"wp-show-posts-entry-header\">\n\t\t\t\t\t\t\t<h2 class=\"wp-show-posts-entry-title\" itemprop=\"headline\"><a href=\"https:\/\/mecagro.md\/ru\/anunt-privind-modificarea-rechizitelor-bancare-si-implementarea-codului-iban-2\/\" rel=\"bookmark\">Anun\u021b privind modificarea rechizitelor bancare \u0219i implementarea codului IBAN<\/a><\/h2>\t\t\t\t\t\t<\/header><!-- .entry-header -->\n\t\t\t\t\t\t\t\t\t\t\t<div class=\"wp-show-posts-entry-summary\" itemprop=\"text\">\n\t\t\t\t\t\t\t<p>Prin prezenta, v\u0103 inform\u0103m c\u0103 \u00eencep\u00eend cu 1 ianuarie 2016 toate transferurile bancare se vor efectua doar \u00een format IBAN. Lu\u00eend \u00een considera\u021bie cele expuse mai sus, v\u0103 aducem la&#8230;<\/p>\n\t\t\t\t\t\t<\/div><!-- .entry-summary -->\n\t\t\t\t\t<div class=\"wpsp-read-more\"><a title=\"Anun\u021b privind modificarea rechizitelor bancare \u0219i implementarea codului IBAN\" class=\"wp-show-posts-read-more\" href=\"https:\/\/mecagro.md\/ru\/anunt-privind-modificarea-rechizitelor-bancare-si-implementarea-codului-iban-2\/\">Cite\u0219te mai departe<\/a><\/div><\/div><!-- wp-show-posts-inner --><div class=\"wpsp-clear\"><\/div><\/article><article class=\" wp-show-posts-single wpsp-clearfix post-2367 post type-post status-publish format-standard has-post-thumbnail hentry category-noutati\" itemtype=\"http:\/\/schema.org\/CreativeWork\" itemscope><div class=\"wp-show-posts-inner\" style=\"\">\t\t\t\t\t\t<header class=\"wp-show-posts-entry-header\">\n\t\t\t\t\t\t\t<h2 class=\"wp-show-posts-entry-title\" itemprop=\"headline\"><a href=\"https:\/\/mecagro.md\/ru\/seminar-noi-modele-inovationale-de-masini-pentru-protectia-plantelor\/\" rel=\"bookmark\">Seminar \u201dNoi modele inova\u0163ionale de ma\u0219ini pentru protec\u0163ia plantelor\u201d<\/a><\/h2>\t\t\t\t\t\t<\/header><!-- .entry-header -->\n\t\t\t\t\t\t\t<div class=\"wp-show-posts-image  wpsp-image-left \">\n\t\t\t<a href=\"https:\/\/mecagro.md\/ru\/seminar-noi-modele-inovationale-de-masini-pentru-protectia-plantelor\/\"  title=\"Seminar \u201dNoi modele inova\u0163ionale de ma\u0219ini pentru protec\u0163ia plantelor\u201d\">\t\t\t\t\t<img decoding=\"async\" src=\"https:\/\/mecagro.md\/ru\/wp-content\/uploads\/2022\/04\/SeminarLogo-300x300.jpg\" alt=\"Seminar \u201dNoi modele inova\u0163ionale de ma\u0219ini pentru protec\u0163ia plantelor\u201d\" itemprop=\"image\" class=\"left\" \/>\n\t\t\t\t<\/a>\t\t<\/div>\n\t\t\t\t\t\t\t\t<div class=\"wp-show-posts-entry-summary\" itemprop=\"text\">\n\t\t\t\t\t\t\t<p>La\u00a0 4 decembrie 2015\u00a0\u00a0 Institutul\u00a0 de\u00a0 Tehnic\u0103\u00a0 Agricol\u0103 \u201cMecagro\u201c \u00eempreun\u0103\u00a0 cu\u00a0 SRL \u201eDevotament\u201d au organizat\u00a0 un\u00a0 seminar- prezentare\u00a0pentru\u00a0 agen\u0163ii\u00a0 economici\u00a0 din\u00a0 raioanele\u00a0 de\u00a0 Nord\u00a0ale\u00a0 Moldovei\u00a0 \u00een or.Cupcini r. Edine\u0163,\u00a0 pe\u00a0&#8230;<\/p>\n\t\t\t\t\t\t<\/div><!-- .entry-summary -->\n\t\t\t\t\t<div class=\"wpsp-read-more\"><a title=\"Seminar \u201dNoi modele inova\u0163ionale de ma\u0219ini pentru protec\u0163ia plantelor\u201d\" class=\"wp-show-posts-read-more\" href=\"https:\/\/mecagro.md\/ru\/seminar-noi-modele-inovationale-de-masini-pentru-protectia-plantelor\/\">Cite\u0219te mai departe<\/a><\/div><\/div><!-- wp-show-posts-inner --><div class=\"wpsp-clear\"><\/div><\/article><article class=\" wp-show-posts-single wpsp-clearfix post-2360 post type-post status-publish format-standard has-post-thumbnail hentry category-noutati\" itemtype=\"http:\/\/schema.org\/CreativeWork\" itemscope><div class=\"wp-show-posts-inner\" style=\"\">\t\t\t\t\t\t<header class=\"wp-show-posts-entry-header\">\n\t\t\t\t\t\t\t<h2 class=\"wp-show-posts-entry-title\" itemprop=\"headline\"><a href=\"https:\/\/mecagro.md\/ru\/expozitia-internationala-specializata-infoinvent-2015\/\" rel=\"bookmark\">Expozi\u021bia Interna\u021bional\u0103 Specializat\u0103 INFOINVENT-2015<\/a><\/h2>\t\t\t\t\t\t<\/header><!-- .entry-header -->\n\t\t\t\t\t\t\t<div class=\"wp-show-posts-image  wpsp-image-left \">\n\t\t\t<a href=\"https:\/\/mecagro.md\/ru\/expozitia-internationala-specializata-infoinvent-2015\/\"  title=\"Expozi\u021bia Interna\u021bional\u0103 Specializat\u0103 INFOINVENT-2015\">\t\t\t\t\t<img decoding=\"async\" src=\"https:\/\/mecagro.md\/ru\/wp-content\/uploads\/2022\/04\/IMG-300x300.jpg\" alt=\"Expozi\u021bia Interna\u021bional\u0103 Specializat\u0103 INFOINVENT-2015\" itemprop=\"image\" class=\"left\" \/>\n\t\t\t\t<\/a>\t\t<\/div>\n\t\t\t\t\t\t\t\t<div class=\"wp-show-posts-entry-summary\" itemprop=\"text\">\n\t\t\t\t\t\t\t<p>\u00cen perioada 25-28 noiembrie 2015 la Centrul Interna\u021bional de expozi\u021bii \u201dMoldexpo\u201d SA \u0219i-a desfa\u0219urat lucr\u0103rile Expozi\u021bia Interna\u021bional\u0103 Specializat\u0103 \u201dINFOINVENT-2015\u201d organizat\u0103 de Agen\u021bia de Stat pentru Proprietatea Intelectual\u0103 \u00een cooperare cu&#8230;<\/p>\n\t\t\t\t\t\t<\/div><!-- .entry-summary -->\n\t\t\t\t\t<div class=\"wpsp-read-more\"><a title=\"Expozi\u021bia Interna\u021bional\u0103 Specializat\u0103 INFOINVENT-2015\" class=\"wp-show-posts-read-more\" href=\"https:\/\/mecagro.md\/ru\/expozitia-internationala-specializata-infoinvent-2015\/\">Cite\u0219te mai departe<\/a><\/div><\/div><!-- wp-show-posts-inner --><div class=\"wpsp-clear\"><\/div><\/article><article class=\" wp-show-posts-single wpsp-clearfix post-2353 post type-post status-publish format-standard has-post-thumbnail hentry category-noutati\" itemtype=\"http:\/\/schema.org\/CreativeWork\" itemscope><div class=\"wp-show-posts-inner\" style=\"\">\t\t\t\t\t\t<header class=\"wp-show-posts-entry-header\">\n\t\t\t\t\t\t\t<h2 class=\"wp-show-posts-entry-title\" itemprop=\"headline\"><a href=\"https:\/\/mecagro.md\/ru\/expozitia-internationala-de-inventii-inova\/\" rel=\"bookmark\">Expozi\u0163ia Interna\u0163ional\u0103 de Inven\u0163ii \u201cINOVA\u201d<\/a><\/h2>\t\t\t\t\t\t<\/header><!-- .entry-header -->\n\t\t\t\t\t\t\t<div class=\"wp-show-posts-image  wpsp-image-left \">\n\t\t\t<a href=\"https:\/\/mecagro.md\/ru\/expozitia-internationala-de-inventii-inova\/\"  title=\"Expozi\u0163ia Interna\u0163ional\u0103 de Inven\u0163ii \u201cINOVA\u201d\">\t\t\t\t\t<img decoding=\"async\" src=\"https:\/\/mecagro.md\/ru\/wp-content\/uploads\/2022\/04\/medalia_small-300x300.jpg\" alt=\"Expozi\u0163ia Interna\u0163ional\u0103 de Inven\u0163ii \u201cINOVA\u201d\" itemprop=\"image\" class=\"left\" \/>\n\t\t\t\t<\/a>\t\t<\/div>\n\t\t\t\t\t\t\t\t<div class=\"wp-show-posts-entry-summary\" itemprop=\"text\">\n\t\t\t\t\t\t\t<p>\u00cen perioada 5-7 noiembrie 2015, \u00een ora\u015ful Karlovac, Croa\u0163ia, Institutul de Tehnic\u0103 Agricol\u0103 \u201cMecagro\u201d a participat la Expozi\u0163ia Interna\u0163ional\u0103 de Inven\u0163ii \u201eINOVA\u201d cea de-a 40-a edi\u0163ie. La aceast\u0103 expozi\u0163ie au&#8230;<\/p>\n\t\t\t\t\t\t<\/div><!-- .entry-summary -->\n\t\t\t\t\t<div class=\"wpsp-read-more\"><a title=\"Expozi\u0163ia Interna\u0163ional\u0103 de Inven\u0163ii \u201cINOVA\u201d\" class=\"wp-show-posts-read-more\" href=\"https:\/\/mecagro.md\/ru\/expozitia-internationala-de-inventii-inova\/\">Cite\u0219te mai departe<\/a><\/div><\/div><!-- wp-show-posts-inner --><div class=\"wpsp-clear\"><\/div><\/article><article class=\" wp-show-posts-single wpsp-clearfix post-2346 post type-post status-publish format-standard has-post-thumbnail hentry category-noutati\" itemtype=\"http:\/\/schema.org\/CreativeWork\" itemscope><div class=\"wp-show-posts-inner\" style=\"\">\t\t\t\t\t\t<header class=\"wp-show-posts-entry-header\">\n\t\t\t\t\t\t\t<h2 class=\"wp-show-posts-entry-title\" itemprop=\"headline\"><a href=\"https:\/\/mecagro.md\/ru\/seminarul-specializat-modele-noi-de-masini-pentru-protectia-plantelor-in-plantatiile-viguroase\/\" rel=\"bookmark\">Seminarul specializat \u201eModele noi de ma\u0219ini pentru protec\u021bia plantelor \u00een planta\u021biile viguroase\u201d<\/a><\/h2>\t\t\t\t\t\t<\/header><!-- .entry-header -->\n\t\t\t\t\t\t\t<div class=\"wp-show-posts-image  wpsp-image-left \">\n\t\t\t<a href=\"https:\/\/mecagro.md\/ru\/seminarul-specializat-modele-noi-de-masini-pentru-protectia-plantelor-in-plantatiile-viguroase\/\"  title=\"Seminarul specializat \u201eModele noi de ma\u0219ini pentru protec\u021bia plantelor \u00een planta\u021biile viguroase\u201d\">\t\t\t\t\t<img decoding=\"async\" src=\"https:\/\/mecagro.md\/ru\/wp-content\/uploads\/2022\/04\/DSC02966-300x300.jpg\" alt=\"Seminarul specializat \u201eModele noi de ma\u0219ini pentru protec\u021bia plantelor \u00een planta\u021biile viguroase\u201d\" itemprop=\"image\" class=\"left\" \/>\n\t\t\t\t<\/a>\t\t<\/div>\n\t\t\t\t\t\t\t\t<div class=\"wp-show-posts-entry-summary\" itemprop=\"text\">\n\t\t\t\t\t\t\t<p>&nbsp;La data de 10 noiembrie 2015, \u00een incinta sec\u021biei &#8220;Loturi experimentale&#8221; a Institutului si-a desf\u0103\u0219urat lucr\u0103rile seminarul specializat \u201eModele noi de ma\u0219ini pentru protec\u021bia plantelor \u00een planta\u021biile viguroase&#8221;. Au participat&#8230;<\/p>\n\t\t\t\t\t\t<\/div><!-- .entry-summary -->\n\t\t\t\t\t<div class=\"wpsp-read-more\"><a title=\"Seminarul specializat \u201eModele noi de ma\u0219ini pentru protec\u021bia plantelor \u00een planta\u021biile viguroase\u201d\" class=\"wp-show-posts-read-more\" href=\"https:\/\/mecagro.md\/ru\/seminarul-specializat-modele-noi-de-masini-pentru-protectia-plantelor-in-plantatiile-viguroase\/\">Cite\u0219te mai departe<\/a><\/div><\/div><!-- wp-show-posts-inner --><div class=\"wpsp-clear\"><\/div><\/article><\/section><!-- .wp-show-posts --><div class=\"wpsp-load-more\"><span aria-current=\"page\" class=\"page-numbers current\">1<\/span>\n<a class=\"page-numbers\" href=\"https:\/\/mecagro.md\/ru\/wp-json\/wp\/v2\/pages\/84\/page\/2\/\">2<\/a>\n<a class=\"next page-numbers\" href=\"https:\/\/mecagro.md\/ru\/wp-json\/wp\/v2\/pages\/84\/page\/2\/\">Next &rarr;<\/a><\/div>\n","protected":false},"excerpt":{"rendered":"","protected":false},"author":1,"featured_media":0,"parent":0,"menu_order":0,"comment_status":"closed","ping_status":"closed","template":"","meta":{"footnotes":""},"class_list":["post-84","page","type-page","status-publish","hentry"],"yoast_head":"<!-- This site is optimized with the Yoast SEO plugin v19.1 - https:\/\/yoast.com\/wordpress\/plugins\/seo\/ -->\n<title>\u041d\u041e\u0412\u041e\u0421\u0422\u0418 - \u0413\u041f \u0418\u0421\u0425\u0422 \u201d\u041c\u0415\u041a\u0410\u0413\u0420\u041e\u201d<\/title>\n<meta name=\"robots\" content=\"index, follow, max-snippet:-1, max-image-preview:large, max-video-preview:-1\" \/>\n<link rel=\"canonical\" href=\"https:\/\/mecagro.md\/ru\/noutati\/\" \/>\n<meta property=\"og:locale\" content=\"en_US\" \/>\n<meta property=\"og:type\" content=\"article\" \/>\n<meta property=\"og:title\" content=\"\u041d\u041e\u0412\u041e\u0421\u0422\u0418 - \u0413\u041f \u0418\u0421\u0425\u0422 \u201d\u041c\u0415\u041a\u0410\u0413\u0420\u041e\u201d\" \/>\n<meta property=\"og:url\" content=\"https:\/\/mecagro.md\/ru\/noutati\/\" \/>\n<meta property=\"og:site_name\" content=\"\u0413\u041f \u0418\u0421\u0425\u0422 \u201d\u041c\u0415\u041a\u0410\u0413\u0420\u041e\u201d\" \/>\n<meta property=\"article:modified_time\" content=\"2022-09-11T09:38:55+00:00\" \/>\n<meta name=\"twitter:card\" content=\"summary_large_image\" \/>\n<meta name=\"twitter:label1\" content=\"Est. reading time\" \/>\n\t<meta name=\"twitter:data1\" content=\"1 minute\" \/>\n<script type=\"application\/ld+json\" class=\"yoast-schema-graph\">{\"@context\":\"https:\/\/schema.org\",\"@graph\":[{\"@type\":\"WebSite\",\"@id\":\"https:\/\/mecagro.md\/ru\/#website\",\"url\":\"https:\/\/mecagro.md\/ru\/\",\"name\":\"\u0413\u041f \u0418\u0421\u0425\u0422 \u201d\u041c\u0415\u041a\u0410\u0413\u0420\u041e\u201d\",\"description\":\"\",\"potentialAction\":[{\"@type\":\"SearchAction\",\"target\":{\"@type\":\"EntryPoint\",\"urlTemplate\":\"https:\/\/mecagro.md\/ru\/?s={search_term_string}\"},\"query-input\":\"required name=search_term_string\"}],\"inLanguage\":\"en-US\"},{\"@type\":\"WebPage\",\"@id\":\"https:\/\/mecagro.md\/ru\/noutati\/#webpage\",\"url\":\"https:\/\/mecagro.md\/ru\/noutati\/\",\"name\":\"\u041d\u041e\u0412\u041e\u0421\u0422\u0418 - \u0413\u041f \u0418\u0421\u0425\u0422 \u201d\u041c\u0415\u041a\u0410\u0413\u0420\u041e\u201d\",\"isPartOf\":{\"@id\":\"https:\/\/mecagro.md\/ru\/#website\"},\"datePublished\":\"2022-04-17T07:08:41+00:00\",\"dateModified\":\"2022-09-11T09:38:55+00:00\",\"breadcrumb\":{\"@id\":\"https:\/\/mecagro.md\/ru\/noutati\/#breadcrumb\"},\"inLanguage\":\"en-US\",\"potentialAction\":[{\"@type\":\"ReadAction\",\"target\":[\"https:\/\/mecagro.md\/ru\/noutati\/\"]}]},{\"@type\":\"BreadcrumbList\",\"@id\":\"https:\/\/mecagro.md\/ru\/noutati\/#breadcrumb\",\"itemListElement\":[{\"@type\":\"ListItem\",\"position\":1,\"name\":\"Home\",\"item\":\"https:\/\/mecagro.md\/ru\/\"},{\"@type\":\"ListItem\",\"position\":2,\"name\":\"\u041d\u041e\u0412\u041e\u0421\u0422\u0418\"}]}]}<\/script>\n<!-- \/ Yoast SEO plugin. -->","yoast_head_json":{"title":"\u041d\u041e\u0412\u041e\u0421\u0422\u0418 - \u0413\u041f \u0418\u0421\u0425\u0422 \u201d\u041c\u0415\u041a\u0410\u0413\u0420\u041e\u201d","robots":{"index":"index","follow":"follow","max-snippet":"max-snippet:-1","max-image-preview":"max-image-preview:large","max-video-preview":"max-video-preview:-1"},"canonical":"https:\/\/mecagro.md\/ru\/noutati\/","og_locale":"en_US","og_type":"article","og_title":"\u041d\u041e\u0412\u041e\u0421\u0422\u0418 - \u0413\u041f \u0418\u0421\u0425\u0422 \u201d\u041c\u0415\u041a\u0410\u0413\u0420\u041e\u201d","og_url":"https:\/\/mecagro.md\/ru\/noutati\/","og_site_name":"\u0413\u041f \u0418\u0421\u0425\u0422 \u201d\u041c\u0415\u041a\u0410\u0413\u0420\u041e\u201d","article_modified_time":"2022-09-11T09:38:55+00:00","twitter_card":"summary_large_image","twitter_misc":{"Est. reading time":"1 minute"},"schema":{"@context":"https:\/\/schema.org","@graph":[{"@type":"WebSite","@id":"https:\/\/mecagro.md\/ru\/#website","url":"https:\/\/mecagro.md\/ru\/","name":"\u0413\u041f \u0418\u0421\u0425\u0422 \u201d\u041c\u0415\u041a\u0410\u0413\u0420\u041e\u201d","description":"","potentialAction":[{"@type":"SearchAction","target":{"@type":"EntryPoint","urlTemplate":"https:\/\/mecagro.md\/ru\/?s={search_term_string}"},"query-input":"required name=search_term_string"}],"inLanguage":"en-US"},{"@type":"WebPage","@id":"https:\/\/mecagro.md\/ru\/noutati\/#webpage","url":"https:\/\/mecagro.md\/ru\/noutati\/","name":"\u041d\u041e\u0412\u041e\u0421\u0422\u0418 - \u0413\u041f \u0418\u0421\u0425\u0422 \u201d\u041c\u0415\u041a\u0410\u0413\u0420\u041e\u201d","isPartOf":{"@id":"https:\/\/mecagro.md\/ru\/#website"},"datePublished":"2022-04-17T07:08:41+00:00","dateModified":"2022-09-11T09:38:55+00:00","breadcrumb":{"@id":"https:\/\/mecagro.md\/ru\/noutati\/#breadcrumb"},"inLanguage":"en-US","potentialAction":[{"@type":"ReadAction","target":["https:\/\/mecagro.md\/ru\/noutati\/"]}]},{"@type":"BreadcrumbList","@id":"https:\/\/mecagro.md\/ru\/noutati\/#breadcrumb","itemListElement":[{"@type":"ListItem","position":1,"name":"Home","item":"https:\/\/mecagro.md\/ru\/"},{"@type":"ListItem","position":2,"name":"\u041d\u041e\u0412\u041e\u0421\u0422\u0418"}]}]}},"_links":{"self":[{"href":"https:\/\/mecagro.md\/ru\/wp-json\/wp\/v2\/pages\/84","targetHints":{"allow":["GET"]}}],"collection":[{"href":"https:\/\/mecagro.md\/ru\/wp-json\/wp\/v2\/pages"}],"about":[{"href":"https:\/\/mecagro.md\/ru\/wp-json\/wp\/v2\/types\/page"}],"author":[{"embeddable":true,"href":"https:\/\/mecagro.md\/ru\/wp-json\/wp\/v2\/users\/1"}],"replies":[{"embeddable":true,"href":"https:\/\/mecagro.md\/ru\/wp-json\/wp\/v2\/comments?post=84"}],"version-history":[{"count":3,"href":"https:\/\/mecagro.md\/ru\/wp-json\/wp\/v2\/pages\/84\/revisions"}],"predecessor-version":[{"id":3063,"href":"https:\/\/mecagro.md\/ru\/wp-json\/wp\/v2\/pages\/84\/revisions\/3063"}],"wp:attachment":[{"href":"https:\/\/mecagro.md\/ru\/wp-json\/wp\/v2\/media?parent=84"}],"curies":[{"name":"wp","href":"https:\/\/api.w.org\/{rel}","templated":true}]}}